{"id":95,"date":"2021-07-27T16:13:40","date_gmt":"2021-07-27T16:13:40","guid":{"rendered":"https:\/\/misionhispana.es\/?page_id=95"},"modified":"2026-02-13T12:40:35","modified_gmt":"2026-02-13T12:40:35","slug":"sala-de-prensa","status":"publish","type":"page","link":"https:\/\/misionhispana.es\/?page_id=95","title":{"rendered":"Sala de Prensa"},"content":{"rendered":"\n<p><strong>TRAS LA HUELLA HISPANA, RTV FUTURO. JOS\u00c9 CARLOS MENA ENTREVISTA AL PRESIDENTE DE ASOCIACI\u00d3N MISI\u00d3N HISPANA<\/strong><\/p>\n\n\n\n<figure class=\"wp-block-embed is-type-video is-provider-youtube wp-block-embed-youtube wp-embed-aspect-16-9 wp-has-aspect-ratio\"><div class=\"wp-block-embed__wrapper\">\n<iframe loading=\"lazy\" title=\"ENTREVISTA JOS\u00c9 CARLOS MENA 27.01.2026\" width=\"525\" height=\"295\" src=\"https:\/\/www.youtube.com\/embed\/KdKBWKPpVkw?feature=oembed\" frameborder=\"0\" allow=\"accelerometer; autoplay; clipboard-write; encrypted-media; gyroscope; picture-in-picture; web-share\" referrerpolicy=\"strict-origin-when-cross-origin\" allowfullscreen><\/iframe>\n<\/div><\/figure>\n\n\n\n<p><strong>HISTORIA DE UNA \u00c9POCA, INFORMA RADIO; ASOCIACI\u00d3N MISI\u00d3N HISPANA 100 A\u00d1OS DEL DESEMBARCO DE ALHUCEMAS<\/strong><\/p>\n\n\n\n<figure class=\"wp-block-embed is-type-video is-provider-youtube wp-block-embed-youtube wp-embed-aspect-16-9 wp-has-aspect-ratio\"><div class=\"wp-block-embed__wrapper\">\n<iframe loading=\"lazy\" title=\"HISTORIA DE UNA \u00c9POCA; ASOCIACI\u00d3N MISI\u00d3N HISPANA 100 A\u00d1OS DEL DESEMBARCO DE ALHUCEMAS\" width=\"525\" height=\"295\" src=\"https:\/\/www.youtube.com\/embed\/xBxFD8Fs1SA?feature=oembed\" frameborder=\"0\" allow=\"accelerometer; autoplay; clipboard-write; encrypted-media; gyroscope; picture-in-picture; web-share\" referrerpolicy=\"strict-origin-when-cross-origin\" allowfullscreen><\/iframe>\n<\/div><\/figure>\n\n\n\n<p><strong>LA LUPA. Misi\u00f3n Hispana: Pav\u00eda, Breda, ahora el desembarco de Alhucemas y mucho m\u00e1s<\/strong><\/p>\n\n\n\n<figure class=\"wp-block-embed is-type-video is-provider-youtube wp-block-embed-youtube wp-embed-aspect-16-9 wp-has-aspect-ratio\"><div class=\"wp-block-embed__wrapper\">\n<iframe loading=\"lazy\" title=\"LA LUPA. &quot;Misi\u00f3n Hispana&quot;: Pav\u00eda, Breda, ahora el desembarco de Alhucemas y mucho m\u00e1s\" width=\"525\" height=\"295\" src=\"https:\/\/www.youtube.com\/embed\/MJtSHNBojFY?feature=oembed\" frameborder=\"0\" allow=\"accelerometer; autoplay; clipboard-write; encrypted-media; gyroscope; picture-in-picture; web-share\" referrerpolicy=\"strict-origin-when-cross-origin\" allowfullscreen><\/iframe>\n<\/div><\/figure>\n\n\n\n<p><strong>II REUNI\u00d3N PROTOCOLO DE SANTA POLA &#8211; INTERVENCI\u00d3N DE NUESTRO PRESIDENTE PEDRO D\u00cdAZ GARC\u00cdA<\/strong><\/p>\n\n\n\n<figure class=\"wp-block-embed is-type-video is-provider-youtube wp-block-embed-youtube wp-embed-aspect-16-9 wp-has-aspect-ratio\"><div class=\"wp-block-embed__wrapper\">\n<iframe loading=\"lazy\" title=\"Pedro D\u00edaz Garc\u00eda representa a Misi\u00f3n hispana en las II Jornadas del Protocolo de Santa Pola.\" width=\"525\" height=\"295\" src=\"https:\/\/www.youtube.com\/embed\/-qVCbXYYePI?feature=oembed\" frameborder=\"0\" allow=\"accelerometer; autoplay; clipboard-write; encrypted-media; gyroscope; picture-in-picture; web-share\" referrerpolicy=\"strict-origin-when-cross-origin\" allowfullscreen><\/iframe>\n<\/div><\/figure>\n\n\n\n<p><strong>III JORNADAS HISPANISTAS DEL CCHM.- LA EDUCACION ES LA CLAVE, PEDRO D\u00cdAZ<\/strong><\/p>\n\n\n\n<figure class=\"wp-block-embed is-type-video is-provider-youtube wp-block-embed-youtube wp-embed-aspect-4-3 wp-has-aspect-ratio\"><div class=\"wp-block-embed__wrapper\">\n<iframe loading=\"lazy\" title=\"III JORNADAS HISPANISTAS DEL CCHM.- LA EDUCACION ES LA CLAVE, PEDRO D\u00cdAZ\" width=\"525\" height=\"394\" src=\"https:\/\/www.youtube.com\/embed\/X-fcjpDM4UM?feature=oembed\" frameborder=\"0\" allow=\"accelerometer; autoplay; clipboard-write; encrypted-media; gyroscope; picture-in-picture; web-share\" referrerpolicy=\"strict-origin-when-cross-origin\" allowfullscreen><\/iframe>\n<\/div><\/figure>\n\n\n\n<p><strong>II JORNADAS LEYENDA NEGRA. GRAN\u00c1TULA DE CALATRAVA. 11-13 octubre 2024<\/strong><\/p>\n\n\n\n<figure class=\"wp-block-image size-full\"><img loading=\"lazy\" decoding=\"async\" width=\"914\" height=\"770\" src=\"https:\/\/misionhispana.es\/wp-content\/uploads\/2024\/10\/Del-Instagram-de-la-Diputacion-de-Ciudad-Real.jpg\" alt=\"\" class=\"wp-image-302\" srcset=\"https:\/\/misionhispana.es\/wp-content\/uploads\/2024\/10\/Del-Instagram-de-la-Diputacion-de-Ciudad-Real.jpg 914w, https:\/\/misionhispana.es\/wp-content\/uploads\/2024\/10\/Del-Instagram-de-la-Diputacion-de-Ciudad-Real-300x253.jpg 300w, https:\/\/misionhispana.es\/wp-content\/uploads\/2024\/10\/Del-Instagram-de-la-Diputacion-de-Ciudad-Real-768x647.jpg 768w\" sizes=\"auto, (max-width: 767px) 89vw, (max-width: 1000px) 54vw, (max-width: 1071px) 543px, 580px\" \/><\/figure>\n\n\n\n<p><a href=\"https:\/\/www.instagram.com\/p\/DA_wlnZCxdz\/?utm_source=ig_web_copy_link&amp;igsh=MzRlODBiNWFlZA==\">https:\/\/www.instagram.com\/p\/DA_wlnZCxdz\/?utm_source=ig_web_copy_link&amp;igsh=MzRlODBiNWFlZA==<\/a><\/p>\n\n\n\n<figure class=\"wp-block-embed is-type-wp-embed is-provider-miciudadreal-es wp-block-embed-miciudadreal-es\"><div class=\"wp-block-embed__wrapper\">\n<blockquote class=\"wp-embedded-content\" data-secret=\"OdojVLBPab\"><a href=\"https:\/\/www.miciudadreal.es\/2024\/10\/14\/granatula-de-calatrava-conmemora-el-dia-de-la-hispanidad-con-la-celebracion-de-las-jornadas-leyenda-negra-y-actos-durante-todo-el-fin-de-semana\/\">Gran\u00e1tula de Calatrava conmemora el D\u00eda de la Hispanidad con la celebraci\u00f3n de las Jornadas \u201cLeyenda Negra\u201d y actos durante todo el fin de semana<\/a><\/blockquote><iframe loading=\"lazy\" class=\"wp-embedded-content\" sandbox=\"allow-scripts\" security=\"restricted\" style=\"position: absolute; visibility: hidden;\" title=\"\u00abGran\u00e1tula de Calatrava conmemora el D\u00eda de la Hispanidad con la celebraci\u00f3n de las Jornadas \u201cLeyenda Negra\u201d y actos durante todo el fin de semana\u00bb \u2014 MiCiudadReal.es\" src=\"https:\/\/www.miciudadreal.es\/2024\/10\/14\/granatula-de-calatrava-conmemora-el-dia-de-la-hispanidad-con-la-celebracion-de-las-jornadas-leyenda-negra-y-actos-durante-todo-el-fin-de-semana\/embed\/#?secret=pGOM40r68i#?secret=OdojVLBPab\" data-secret=\"OdojVLBPab\" width=\"525\" height=\"296\" frameborder=\"0\" marginwidth=\"0\" marginheight=\"0\" scrolling=\"no\"><\/iframe>\n<\/div><\/figure>\n\n\n\n<p><a href=\"https:\/\/www.lacomarcadepuertollano.com\/articulo\/provincia\/granatula-conmemora-dia-hispanidad-celebracion-jornadas-leyenda-negra\/20241014132341565414.html\">https:\/\/www.lacomarcadepuertollano.com\/articulo\/provincia\/granatula-conmemora-dia-hispanidad-celebracion-jornadas-leyenda-negra\/20241014132341565414.html<\/a><\/p>\n\n\n\n<p><strong>MISION HISPANA. LA LUPA, FRANCISCO BENDALA, 26 de octubre de 2023<\/strong><\/p>\n\n\n\n<figure class=\"wp-block-embed is-type-video is-provider-youtube wp-block-embed-youtube wp-embed-aspect-16-9 wp-has-aspect-ratio\"><div class=\"wp-block-embed__wrapper\">\n<iframe loading=\"lazy\" title=\"LA LUPA. &quot;Misi\u00f3n Hispana&quot; por la Hispanidad, por Pedro D\u00edaz Garc\u00eda\" width=\"525\" height=\"295\" src=\"https:\/\/www.youtube.com\/embed\/X0atEx0UF7g?feature=oembed\" frameborder=\"0\" allow=\"accelerometer; autoplay; clipboard-write; encrypted-media; gyroscope; picture-in-picture; web-share\" referrerpolicy=\"strict-origin-when-cross-origin\" allowfullscreen><\/iframe>\n<\/div><\/figure>\n\n\n\n<p><strong>MISION HISPANA. DECISION RADIO, LA CORTINA DE HUMO, 8 de julio de 2023<\/strong><\/p>\n\n\n\n<figure class=\"wp-block-embed is-type-video is-provider-youtube wp-block-embed-youtube wp-embed-aspect-16-9 wp-has-aspect-ratio\"><div class=\"wp-block-embed__wrapper\">\n<iframe loading=\"lazy\" title=\"MISI\u00d3N HISPANA, EL TRABAJO POR LA PATRIA Y CONTRA LA LEYENDA NEGRA, POR PEDRO DIAZ\" width=\"525\" height=\"295\" src=\"https:\/\/www.youtube.com\/embed\/Q1URZkQ0Ens?feature=oembed\" frameborder=\"0\" allow=\"accelerometer; autoplay; clipboard-write; encrypted-media; gyroscope; picture-in-picture; web-share\" referrerpolicy=\"strict-origin-when-cross-origin\" allowfullscreen><\/iframe>\n<\/div><\/figure>\n\n\n\n<p><strong>MISION HISPANA. DECISION RADIO, LA ESPADA Y LA PLUMA, 22 de mayo de 2023<\/strong><\/p>\n\n\n\n<figure class=\"wp-block-embed is-type-video is-provider-youtube wp-block-embed-youtube wp-embed-aspect-16-9 wp-has-aspect-ratio\"><div class=\"wp-block-embed__wrapper\">\n<iframe loading=\"lazy\" title=\"Misi\u00f3n Hispana, entrevista, portavoz, Pedro D\u00edaz\" width=\"525\" height=\"295\" src=\"https:\/\/www.youtube.com\/embed\/ZOhosSEsxdA?feature=oembed\" frameborder=\"0\" allow=\"accelerometer; autoplay; clipboard-write; encrypted-media; gyroscope; picture-in-picture; web-share\" referrerpolicy=\"strict-origin-when-cross-origin\" allowfullscreen><\/iframe>\n<\/div><\/figure>\n\n\n\n<p><strong>JUNTOS MAS FUERTES. SPANISH UNITED, 21 de agosto de 2021<\/strong><\/p>\n\n\n\n<figure class=\"wp-block-embed is-type-video is-provider-youtube wp-block-embed-youtube wp-embed-aspect-16-9 wp-has-aspect-ratio\"><div class=\"wp-block-embed__wrapper\">\n<iframe loading=\"lazy\" title=\"Podcast with Mission Hispana of Spain\" width=\"525\" height=\"295\" src=\"https:\/\/www.youtube.com\/embed\/dJcovlxgX6o?feature=oembed\" frameborder=\"0\" allow=\"accelerometer; autoplay; clipboard-write; encrypted-media; gyroscope; picture-in-picture; web-share\" referrerpolicy=\"strict-origin-when-cross-origin\" allowfullscreen><\/iframe>\n<\/div><\/figure>\n\n\n\n<p><strong>CONOCE A MISION HISPANA. Dec\u00edamos Ayer, 28 de julio de 2021<\/strong><\/p>\n\n\n\n<figure class=\"wp-block-embed is-type-video is-provider-youtube wp-block-embed-youtube wp-embed-aspect-16-9 wp-has-aspect-ratio\"><div class=\"wp-block-embed__wrapper\">\n<iframe loading=\"lazy\" title=\"CONOCE a MISI\u00d3N HISPANA: la asociaci\u00f3n que busca Recuperar el pasado para construir el futuro\" width=\"525\" height=\"295\" src=\"https:\/\/www.youtube.com\/embed\/afvxmYWiVhw?feature=oembed\" frameborder=\"0\" allow=\"accelerometer; autoplay; clipboard-write; encrypted-media; gyroscope; picture-in-picture; web-share\" referrerpolicy=\"strict-origin-when-cross-origin\" allowfullscreen><\/iframe>\n<\/div><\/figure>\n\n\n\n<p><strong>&#8216;Tulay&#8217; con la Hispanidad. La Jornada Filipina, 10 de junio de 2021 <\/strong><a rel=\"noreferrer noopener\" href=\"https:\/\/lajornadafilipina.com\/es\/opinion\/tulay-con-la-hispanidad\/\" data-type=\"URL\" data-id=\"https:\/\/lajornadafilipina.com\/es\/opinion\/tulay-con-la-hispanidad\/\" target=\"_blank\">https:\/\/lajornadafilipina.com\/es\/opinion\/tulay-con-la-hispanidad\/<\/a><\/p>\n\n\n\n<figure class=\"wp-block-image size-large\"><img loading=\"lazy\" decoding=\"async\" width=\"1024\" height=\"576\" src=\"https:\/\/misionhispana.es\/wp-content\/uploads\/2023\/07\/image-1024x576.png\" alt=\"\" class=\"wp-image-229\" srcset=\"https:\/\/misionhispana.es\/wp-content\/uploads\/2023\/07\/image-1024x576.png 1024w, https:\/\/misionhispana.es\/wp-content\/uploads\/2023\/07\/image-300x169.png 300w, https:\/\/misionhispana.es\/wp-content\/uploads\/2023\/07\/image-768x432.png 768w, https:\/\/misionhispana.es\/wp-content\/uploads\/2023\/07\/image-1536x864.png 1536w, https:\/\/misionhispana.es\/wp-content\/uploads\/2023\/07\/image.png 1600w\" sizes=\"auto, (max-width: 767px) 89vw, (max-width: 1000px) 54vw, (max-width: 1071px) 543px, 580px\" \/><\/figure>\n\n\n\n<p><strong>Hispanidad en positivo. La nueva Raz\u00f3n, 6 de mayo de 2021 <\/strong><a rel=\"noreferrer noopener\" href=\"https:\/\/lanuevarazon.com\/hispanidad-en-positivo\/\" data-type=\"URL\" data-id=\"https:\/\/lanuevarazon.com\/hispanidad-en-positivo\/\" target=\"_blank\">https:\/\/lanuevarazon.com\/hispanidad-en-positivo\/<\/a><\/p>\n\n\n\n<p><\/p>\n\n\n\n<p><\/p>\n","protected":false},"excerpt":{"rendered":"<p>TRAS LA HUELLA HISPANA, RTV FUTURO. JOS\u00c9 CARLOS MENA ENTREVISTA AL PRESIDENTE DE ASOCIACI\u00d3N MISI\u00d3N HISPANA HISTORIA DE UNA \u00c9POCA, INFORMA RADIO; ASOCIACI\u00d3N MISI\u00d3N HISPANA 100 A\u00d1OS DEL DESEMBARCO DE ALHUCEMAS LA LUPA. Misi\u00f3n Hispana: Pav\u00eda, Breda, ahora el desembarco de Alhucemas y mucho m\u00e1s II REUNI\u00d3N PROTOCOLO DE SANTA POLA &#8211; INTERVENCI\u00d3N DE NUESTRO &hellip; <\/p>\n<p class=\"link-more\"><a href=\"https:\/\/misionhispana.es\/?page_id=95\" class=\"more-link\">Continuar leyendo<span class=\"screen-reader-text\"> \u00abSala de Prensa\u00bb<\/span><\/a><\/p>\n","protected":false},"author":1,"featured_media":0,"parent":0,"menu_order":0,"comment_status":"closed","ping_status":"closed","template":"","meta":{"footnotes":""},"class_list":["post-95","page","type-page","status-publish","hentry"],"_links":{"self":[{"href":"https:\/\/misionhispana.es\/index.php?rest_route=\/wp\/v2\/pages\/95","targetHints":{"allow":["GET"]}}],"collection":[{"href":"https:\/\/misionhispana.es\/index.php?rest_route=\/wp\/v2\/pages"}],"about":[{"href":"https:\/\/misionhispana.es\/index.php?rest_route=\/wp\/v2\/types\/page"}],"author":[{"embeddable":true,"href":"https:\/\/misionhispana.es\/index.php?rest_route=\/wp\/v2\/users\/1"}],"replies":[{"embeddable":true,"href":"https:\/\/misionhispana.es\/index.php?rest_route=%2Fwp%2Fv2%2Fcomments&post=95"}],"version-history":[{"count":17,"href":"https:\/\/misionhispana.es\/index.php?rest_route=\/wp\/v2\/pages\/95\/revisions"}],"predecessor-version":[{"id":321,"href":"https:\/\/misionhispana.es\/index.php?rest_route=\/wp\/v2\/pages\/95\/revisions\/321"}],"wp:attachment":[{"href":"https:\/\/misionhispana.es\/index.php?rest_route=%2Fwp%2Fv2%2Fmedia&parent=95"}],"curies":[{"name":"wp","href":"https:\/\/api.w.org\/{rel}","templated":true}]}}