{"id":240,"date":"2024-01-20T18:42:57","date_gmt":"2024-01-20T18:42:57","guid":{"rendered":"https:\/\/misionhispana.es\/?page_id=240"},"modified":"2024-08-15T09:14:40","modified_gmt":"2024-08-15T09:14:40","slug":"protocolo-de-santa-pola","status":"publish","type":"page","link":"https:\/\/misionhispana.es\/?page_id=240","title":{"rendered":"PROTOCOLO DE SANTA POLA"},"content":{"rendered":"\n<p class=\"has-medium-font-size\">Asociaci\u00f3n Misi\u00f3n Hispana, desde el primer momento se ha adherido al <strong>PROTOCOLO DE SANTA POLA<\/strong>, que pretende ser un m\u00ednimo com\u00fan denominador para todas las asociaciones y personalidades que busquen un punto de encuentro para coordinar acciones en apoyo de algo muy grande y valioso: <strong>LA HISPANIDAD<\/strong><\/p>\n\n\n\n<figure class=\"wp-block-video\"><video height=\"1080\" style=\"aspect-ratio: 1920 \/ 1080;\" width=\"1920\" controls src=\"https:\/\/misionhispana.es\/wp-content\/uploads\/2024\/06\/Video-presentacion-PROTOCOLO-DE-SANTA-POLA.mp4\"><\/video><\/figure>\n\n\n\n<p class=\"has-medium-font-size\">En esta p\u00e1gina, publicaremos todos los documentos de inter\u00e9s de <strong>PROTOCOLO DE SANTA POLA<\/strong> en formato descargable para su m\u00e1xima difusi\u00f3n. Les recomendamos la entrevista que tuvimos con su promotor, don <strong>Alberto Abascal<\/strong>, en nuestro canal de YouTube. En ella,  explica ampliamente los objetivos del protocolo as\u00ed como los de la <strong>ASOCIACI\u00d3N AMIGOS DE LA HISPANIDAD<\/strong> de la que es fundador y presidente.<\/p>\n\n\n\n<figure class=\"wp-block-embed is-type-video is-provider-youtube wp-block-embed-youtube wp-embed-aspect-16-9 wp-has-aspect-ratio\"><div class=\"wp-block-embed__wrapper\">\n<iframe loading=\"lazy\" title=\"MXH T3E7: Alberto Abascal. Amigos de la Hispanidad. Protocolo de Santa Pola\" width=\"525\" height=\"295\" src=\"https:\/\/www.youtube.com\/embed\/ouG-pA3tXQk?feature=oembed\" frameborder=\"0\" allow=\"accelerometer; autoplay; clipboard-write; encrypted-media; gyroscope; picture-in-picture; web-share\" referrerpolicy=\"strict-origin-when-cross-origin\" allowfullscreen><\/iframe>\n<\/div><\/figure>\n\n\n\n<div data-wp-interactive=\"core\/file\" class=\"wp-block-file\"><object data-wp-bind--hidden=\"!state.hasPdfPreview\" hidden class=\"wp-block-file__embed\" data=\"https:\/\/misionhispana.es\/wp-content\/uploads\/2024\/08\/XI-COMUNICADO-DEL-PROTOCOLO-DE-SANTA-POLA-SOBRE-LA-DESTRUCION-DEL-PATRIMONIO.pdf\" type=\"application\/pdf\" style=\"width:100%;height:600px\" aria-label=\"Incrustado de XI COMUNICADO DEL PROTOCOLO DE SANTA POLA SOBRE LA DESTRUCI\u00d3N DEL PATRIMONIO.\"><\/object><a id=\"wp-block-file--media-b5a431f6-8426-4d68-a888-cb438ba1dbe3\" href=\"https:\/\/misionhispana.es\/wp-content\/uploads\/2024\/08\/XI-COMUNICADO-DEL-PROTOCOLO-DE-SANTA-POLA-SOBRE-LA-DESTRUCION-DEL-PATRIMONIO.pdf\">XI COMUNICADO DEL PROTOCOLO DE SANTA POLA SOBRE LA DESTRUCI\u00d3N DEL PATRIMONIO<\/a><a href=\"https:\/\/misionhispana.es\/wp-content\/uploads\/2024\/08\/XI-COMUNICADO-DEL-PROTOCOLO-DE-SANTA-POLA-SOBRE-LA-DESTRUCION-DEL-PATRIMONIO.pdf\" class=\"wp-block-file__button wp-element-button\" download aria-describedby=\"wp-block-file--media-b5a431f6-8426-4d68-a888-cb438ba1dbe3\">Descarga<\/a><\/div>\n\n\n\n<div class=\"wp-block-file\"><a id=\"wp-block-file--media-0e74fd74-9ed2-4cf2-aceb-e556cdc01e02\" href=\"https:\/\/misionhispana.es\/wp-content\/uploads\/2024\/08\/X-COMUNICADO-DEL-PROTOCOLO-DE-SANTA-POLA-ESPANOL-EN-BRASIL.pdf\">X COMUNICADO DEL PROTOCOLO DE SANTA POLA ESPA\u00d1OL EN BRASIL<\/a><a href=\"https:\/\/misionhispana.es\/wp-content\/uploads\/2024\/08\/X-COMUNICADO-DEL-PROTOCOLO-DE-SANTA-POLA-ESPANOL-EN-BRASIL.pdf\" class=\"wp-block-file__button wp-element-button\" download aria-describedby=\"wp-block-file--media-0e74fd74-9ed2-4cf2-aceb-e556cdc01e02\">Descarga<\/a><\/div>\n\n\n\n<div class=\"wp-block-file\"><a id=\"wp-block-file--media-338af17d-a389-4d85-9e9e-6abdb18d7f07\" href=\"https:\/\/misionhispana.es\/wp-content\/uploads\/2024\/08\/IX-COMUNICADO-DEL-PROTOCOLO-DE-SANTA-POLA-DIMISION-DEL-FISCAL-GENERAL-DEL-ESTADO-DE-ESPANA-.pdf\">IX COMUNICADO DEL PROTOCOLO DE SANTA POLA DIMISI\u00d3N DEL FISCAL GENERAL DEL ESTADO DE ESPA\u00d1A<\/a><a href=\"https:\/\/misionhispana.es\/wp-content\/uploads\/2024\/08\/IX-COMUNICADO-DEL-PROTOCOLO-DE-SANTA-POLA-DIMISION-DEL-FISCAL-GENERAL-DEL-ESTADO-DE-ESPANA-.pdf\" class=\"wp-block-file__button wp-element-button\" download aria-describedby=\"wp-block-file--media-338af17d-a389-4d85-9e9e-6abdb18d7f07\">Descarga<\/a><\/div>\n\n\n\n<div class=\"wp-block-file\"><a id=\"wp-block-file--media-680af8f6-9726-4fda-9fe0-d480d7f61694\" href=\"https:\/\/misionhispana.es\/wp-content\/uploads\/2024\/05\/VIII-COMUNICADO-DEL-PROTOCOLO-DE-SANTA-POLA-SOBRE-LA-BIBLIOTECA-DE-AECID.pdf\">VIII-COMUNICADO-DEL-PROTOCOLO-DE-SANTA-POLA-SOBRE-LA-BIBLIOTECA-DE-AECID<\/a><a href=\"https:\/\/misionhispana.es\/wp-content\/uploads\/2024\/05\/VIII-COMUNICADO-DEL-PROTOCOLO-DE-SANTA-POLA-SOBRE-LA-BIBLIOTECA-DE-AECID.pdf\" class=\"wp-block-file__button wp-element-button\" download aria-describedby=\"wp-block-file--media-680af8f6-9726-4fda-9fe0-d480d7f61694\">Descarga<\/a><\/div>\n\n\n\n<div class=\"wp-block-file\"><a id=\"wp-block-file--media-f8ff44f7-8275-4ade-8c11-4180ae93fd8b\" href=\"https:\/\/misionhispana.es\/wp-content\/uploads\/2024\/04\/COMUNICADO-PROYECTO-HISTORIACONTEXTO.pdf\">COMUNICADO-PROYECTO-HISTORIACONTEXTO<\/a><a href=\"https:\/\/misionhispana.es\/wp-content\/uploads\/2024\/04\/COMUNICADO-PROYECTO-HISTORIACONTEXTO.pdf\" class=\"wp-block-file__button wp-element-button\" download aria-describedby=\"wp-block-file--media-f8ff44f7-8275-4ade-8c11-4180ae93fd8b\">Descarga<\/a><\/div>\n\n\n\n<div class=\"wp-block-file\"><a id=\"wp-block-file--media-c89a0ca9-734e-4941-b51f-0c31c62497ab\" href=\"https:\/\/misionhispana.es\/wp-content\/uploads\/2024\/02\/VII-COMUNICADO-DEL-PROTOCOLO-DE-SANTA-POLA-A-LA-UE.docx.pdf\">COMUNICADO USO DE LENGUAS OFICIALES EN LA WEB DE LA UE   <\/a><a href=\"https:\/\/misionhispana.es\/wp-content\/uploads\/2024\/02\/VII-COMUNICADO-DEL-PROTOCOLO-DE-SANTA-POLA-A-LA-UE.docx.pdf\" class=\"wp-block-file__button wp-element-button\" download aria-describedby=\"wp-block-file--media-c89a0ca9-734e-4941-b51f-0c31c62497ab\">Descarga<\/a><\/div>\n\n\n\n<div class=\"wp-block-file\"><a id=\"wp-block-file--media-2aa2c408-50d1-487a-b978-438b7d4bebbc\" href=\"https:\/\/misionhispana.es\/wp-content\/uploads\/2024\/01\/VI-comunicado-PROTOCOLO-DE-SANTA-POLA.docx.pdf\">COMUNICADO SOLICITANDO ESTATUA JULIAN JUDERIAS                       <\/a><a href=\"https:\/\/misionhispana.es\/wp-content\/uploads\/2024\/01\/VI-comunicado-PROTOCOLO-DE-SANTA-POLA.docx.pdf\" class=\"wp-block-file__button wp-element-button\" download aria-describedby=\"wp-block-file--media-2aa2c408-50d1-487a-b978-438b7d4bebbc\">Descarga<\/a><\/div>\n\n\n\n<div class=\"wp-block-file\"><a id=\"wp-block-file--media-4638597e-0915-42f8-a395-39309befc230\" href=\"https:\/\/misionhispana.es\/wp-content\/uploads\/2024\/01\/DENUNCIA-SITUACION-MONUMENTOS-MADRID.pdf\">DENUNCIA SITUACION MONUMENTOS MADRID                                            <\/a><a href=\"https:\/\/misionhispana.es\/wp-content\/uploads\/2024\/01\/DENUNCIA-SITUACION-MONUMENTOS-MADRID.pdf\" class=\"wp-block-file__button wp-element-button\" download aria-describedby=\"wp-block-file--media-4638597e-0915-42f8-a395-39309befc230\">Descarga<\/a><\/div>\n\n\n\n<div class=\"wp-block-file\"><a id=\"wp-block-file--media-c67734b8-061e-409a-baad-4b49921f272a\" href=\"https:\/\/misionhispana.es\/wp-content\/uploads\/2024\/01\/COMUNICADO-DIRIGIDO-AL-MINISTRO-DE-EDUCACION.pdf\">COMUNICADO DIRIGIDO AL MINISTRO DE EDUCACION                            <\/a><a href=\"https:\/\/misionhispana.es\/wp-content\/uploads\/2024\/01\/COMUNICADO-DIRIGIDO-AL-MINISTRO-DE-EDUCACION.pdf\" class=\"wp-block-file__button wp-element-button\" download aria-describedby=\"wp-block-file--media-c67734b8-061e-409a-baad-4b49921f272a\">Descarga<\/a><\/div>\n\n\n\n<div class=\"wp-block-file\"><a id=\"wp-block-file--media-262e81fe-e1fe-42b9-8fbc-47eb84f4da36\" href=\"https:\/\/misionhispana.es\/wp-content\/uploads\/2024\/01\/COMUNICADO-SOBRE-LA-ENSENANZA-DE-LA-HISTORIA.pdf\">COMUNICADO SOBRE LA ENSENANZA DE LA HISTORIA                          <\/a><a href=\"https:\/\/misionhispana.es\/wp-content\/uploads\/2024\/01\/COMUNICADO-SOBRE-LA-ENSENANZA-DE-LA-HISTORIA.pdf\" class=\"wp-block-file__button wp-element-button\" download aria-describedby=\"wp-block-file--media-262e81fe-e1fe-42b9-8fbc-47eb84f4da36\">Descarga<\/a><\/div>\n\n\n\n<div class=\"wp-block-file\"><a id=\"wp-block-file--media-5b6b7fc4-cc9f-4ed7-9a92-be0825273d78\" href=\"https:\/\/misionhispana.es\/wp-content\/uploads\/2024\/01\/CARTA-A-LA-EMBAJADORA-ALEMANA-EN-ESPANA.pdf\">CARTA A LA EMBAJADORA ALEMANA EN ESPANA                                      <\/a><a href=\"https:\/\/misionhispana.es\/wp-content\/uploads\/2024\/01\/CARTA-A-LA-EMBAJADORA-ALEMANA-EN-ESPANA.pdf\" class=\"wp-block-file__button wp-element-button\" download aria-describedby=\"wp-block-file--media-5b6b7fc4-cc9f-4ed7-9a92-be0825273d78\">Descarga<\/a><\/div>\n\n\n\n<div class=\"wp-block-file\"><a id=\"wp-block-file--media-e173bf75-373f-4d13-8b47-60ca79009bb6\" href=\"https:\/\/misionhispana.es\/wp-content\/uploads\/2024\/01\/COMUNICADO-DE-LAS-ASOCIACIONES-FIRMANTES-DEL-PROTOCOLO-DE-SANTA-POLA-EN-CONTRA-DE-LA-BALCANIZACION-DEL-MUNDO-HISPANO.pdf\">COMUNICADO CONTRA LA BALCANIZACION                                                  <\/a><a href=\"https:\/\/misionhispana.es\/wp-content\/uploads\/2024\/01\/COMUNICADO-DE-LAS-ASOCIACIONES-FIRMANTES-DEL-PROTOCOLO-DE-SANTA-POLA-EN-CONTRA-DE-LA-BALCANIZACION-DEL-MUNDO-HISPANO.pdf\" class=\"wp-block-file__button wp-element-button\" download aria-describedby=\"wp-block-file--media-e173bf75-373f-4d13-8b47-60ca79009bb6\">Descarga<\/a><\/div>\n\n\n\n<div class=\"wp-block-file\"><a id=\"wp-block-file--media-d35253d4-caca-46bd-8432-a87f57cfe278\" href=\"https:\/\/misionhispana.es\/wp-content\/uploads\/2024\/01\/PROTOCOLO-DE-SANTA-POLA.pdf\">PROTOCOLO DE SANTA POLA                                                                                    <\/a><a href=\"https:\/\/misionhispana.es\/wp-content\/uploads\/2024\/01\/PROTOCOLO-DE-SANTA-POLA.pdf\" class=\"wp-block-file__button wp-element-button\" download aria-describedby=\"wp-block-file--media-d35253d4-caca-46bd-8432-a87f57cfe278\">Descarga<\/a><\/div>\n","protected":false},"excerpt":{"rendered":"<p>Asociaci\u00f3n Misi\u00f3n Hispana, desde el primer momento se ha adherido al PROTOCOLO DE SANTA POLA, que pretende ser un m\u00ednimo com\u00fan denominador para todas las asociaciones y personalidades que busquen un punto de encuentro para coordinar acciones en apoyo de algo muy grande y valioso: LA HISPANIDAD En esta p\u00e1gina, publicaremos todos los documentos de &hellip; <\/p>\n<p class=\"link-more\"><a href=\"https:\/\/misionhispana.es\/?page_id=240\" class=\"more-link\">Continuar leyendo<span class=\"screen-reader-text\"> \u00abPROTOCOLO DE SANTA POLA\u00bb<\/span><\/a><\/p>\n","protected":false},"author":1,"featured_media":0,"parent":0,"menu_order":0,"comment_status":"closed","ping_status":"closed","template":"","meta":{"footnotes":""},"class_list":["post-240","page","type-page","status-publish","hentry"],"_links":{"self":[{"href":"https:\/\/misionhispana.es\/index.php?rest_route=\/wp\/v2\/pages\/240","targetHints":{"allow":["GET"]}}],"collection":[{"href":"https:\/\/misionhispana.es\/index.php?rest_route=\/wp\/v2\/pages"}],"about":[{"href":"https:\/\/misionhispana.es\/index.php?rest_route=\/wp\/v2\/types\/page"}],"author":[{"embeddable":true,"href":"https:\/\/misionhispana.es\/index.php?rest_route=\/wp\/v2\/users\/1"}],"replies":[{"embeddable":true,"href":"https:\/\/misionhispana.es\/index.php?rest_route=%2Fwp%2Fv2%2Fcomments&post=240"}],"version-history":[{"count":20,"href":"https:\/\/misionhispana.es\/index.php?rest_route=\/wp\/v2\/pages\/240\/revisions"}],"predecessor-version":[{"id":299,"href":"https:\/\/misionhispana.es\/index.php?rest_route=\/wp\/v2\/pages\/240\/revisions\/299"}],"wp:attachment":[{"href":"https:\/\/misionhispana.es\/index.php?rest_route=%2Fwp%2Fv2%2Fmedia&parent=240"}],"curies":[{"name":"wp","href":"https:\/\/api.w.org\/{rel}","templated":true}]}}